{"id":120,"date":"2025-11-21T15:47:13","date_gmt":"2025-11-21T14:47:13","guid":{"rendered":"http:\/\/172.16.3.46\/wordpress\/?page_id=120"},"modified":"2026-06-02T10:27:53","modified_gmt":"2026-06-02T08:27:53","slug":"actualites","status":"publish","type":"page","link":"https:\/\/mont2jeunes.montdemarsan-agglo.fr\/index.php\/actualites\/","title":{"rendered":"Actualit\u00e9s &#8211; P\u00f4le Jeunesse"},"content":{"rendered":"\n<p class=\"wp-block-paragraph\"><\/p>\n\n\n\n<h3 class=\"wp-block-heading has-text-align-center\">Actualit\u00e9s<\/h3>\n\n\n\n<p class=\"has-text-align-left has-large-font-size wp-block-paragraph\">Retrouve ici les temps forts du P\u00f4le Jeunesse. <\/p>\n\n\n\n<p class=\"has-text-align-left has-large-font-size wp-block-paragraph\">Infos, dates, inscriptions : tout est l\u00e0.<\/p>\n\n\n\n<ul style=\"color:#81d6b3\" class=\"wp-block-list has-text-color has-link-color has-large-font-size wp-elements-5e28230da111966e059877e4c468749b\"><\/ul>\n\n\n\n<details class=\"wp-block-details has-text-color has-link-color wp-elements-f9333df8c896e2c8b3496e330207c6e7 is-layout-flow wp-block-details-is-layout-flow\" style=\"color:#81d6b3\"><summary><strong>Forum Job d&rsquo;\u00e9t\u00e9 &amp; engagement (11-30 ans)<\/strong><\/summary>\n<p class=\"has-contrast-color has-text-color has-link-color wp-elements-ce834e5877ec054b1c6e7ddc5f080b3d wp-block-paragraph\"><strong>Date : 2<\/strong>8 Mars 2026<\/p>\n\n\n\n<p class=\"has-contrast-color has-text-color has-link-color wp-elements-f2366379eed2be6d922e2aa4c93f3c90 wp-block-paragraph\"><strong>Lieu :<\/strong> Hall de Nahuques<\/p>\n\n\n\n<p class=\"has-contrast-color has-text-color has-link-color wp-elements-a3348f2c0d651d200b85701fd554dddb wp-block-paragraph\"><code>\ud83d\udd52<\/code> <strong>Horaires : <\/strong>de 8h \u00e0 19h<\/p>\n\n\n\n<p class=\"has-contrast-color has-text-color has-link-color wp-elements-98a7d624b72fde3780d915a8933eff54 wp-block-paragraph\">D\u00e8s 16 ans , viens rencontrer les employeurs du Territoire qui recrutent : vente, grande distribution, agroalimentaire, animation, restauration, &#8230;<\/p>\n\n\n\n<p class=\"has-contrast-color has-text-color has-link-color wp-elements-28a31bf79b27a5207ad2c0b83f53f067 wp-block-paragraph\">N &lsquo;oublie pas ton CV !<\/p>\n\n\n\n<p class=\"has-contrast-color has-text-color has-link-color wp-elements-adc6159b4a34a45df7a8331b7b91d1f1 wp-block-paragraph\">D\u00e9couvre aussi les opportunit\u00e9s et dispositifs dans les domaines de l&rsquo;engagement et du volontariat : Service civique, Mobilit\u00e9s internationales, arm\u00e9e de Terre, Pack XL &#8230;<\/p>\n\n\n\n<div class=\"wp-block-cover is-light\" style=\"margin-top:0;margin-bottom:0;min-height:872px;aspect-ratio:unset;\"><img decoding=\"async\" width=\"215\" height=\"300\" fetchpriority=\"low\" class=\"wp-block-cover__image-background wp-image-768 size-medium\" alt=\"\" src=\"https:\/\/mont2jeunes.montdemarsan-agglo.fr\/wp-content\/uploads\/2026\/03\/job-ete-2026-215x300.png\" data-object-fit=\"cover\" srcset=\"https:\/\/mont2jeunes.montdemarsan-agglo.fr\/wp-content\/uploads\/2026\/03\/job-ete-2026-215x300.png 215w, https:\/\/mont2jeunes.montdemarsan-agglo.fr\/wp-content\/uploads\/2026\/03\/job-ete-2026.png 560w\" sizes=\"(max-width: 215px) 100vw, 215px\" \/><span aria-hidden=\"true\" class=\"wp-block-cover__background has-background-dim\" style=\"background-color:#decab4\"><\/span><div class=\"wp-block-cover__inner-container has-global-padding is-layout-constrained wp-container-core-cover-is-layout-14cc3146 wp-block-cover-is-layout-constrained\">\n<div class=\"wp-block-buttons is-content-justification-center is-layout-flex wp-container-core-buttons-is-layout-35f06ea7 wp-block-buttons-is-layout-flex\">\n<div class=\"wp-block-button\"><a class=\"wp-block-button__link wp-element-button\" href=\"https:\/\/mont2jeunes.montdemarsan-agglo.fr\/index.php\/forum-job-dete\/\" target=\"_blank\" rel=\"noreferrer noopener\">Voir<\/a><\/div>\n<\/div>\n<\/div><\/div>\n<\/details>\n\n\n\n<p class=\"wp-block-paragraph\"><\/p>\n\n\n\n<p class=\"has-large-font-size wp-block-paragraph\"><\/p>\n\n\n\n<details class=\"wp-block-details has-text-color has-link-color wp-elements-244c3ff47405d9e89e065adea264705b is-layout-flow wp-block-details-is-layout-flow\" style=\"color:#81d6b3\"><summary><strong>Forum citoyennet\u00e9 (11 &#8211; 30 ans)<\/strong><\/summary>\n<p class=\"has-contrast-color has-text-color has-link-color wp-elements-f8965f0ae77af37ced1c33376e522e9e wp-block-paragraph\"><strong>Date : <\/strong>15 Janvier 2026<\/p>\n\n\n\n<p class=\"has-contrast-color has-text-color has-link-color wp-elements-c570b536174f31d197f0e25cc5b9f484 wp-block-paragraph\"><strong>Lieu : Hall de Nahuques<\/strong><\/p>\n\n\n\n<p class=\"has-contrast-color has-text-color has-link-color wp-elements-f6ed14924485b803bfea2b331a61b544 wp-block-paragraph\"><code>\ud83d\udd52<\/code> <strong>Horaires : de 8h \u00e0 19h<\/strong><\/p>\n\n\n\n<div class=\"wp-block-cover\"><span aria-hidden=\"true\" class=\"wp-block-cover__background has-background-dim-100 has-background-dim\"><\/span><div class=\"wp-block-cover__inner-container is-layout-flow wp-block-cover-is-layout-flow\">\n<div class=\"wp-block-buttons is-content-justification-center is-layout-flex wp-container-core-buttons-is-layout-35f06ea7 wp-block-buttons-is-layout-flex\">\n<div class=\"wp-block-button\"><a class=\"wp-block-button__link has-text-align-center wp-element-button\" href=\"http:\/\/172.16.3.46\/wordpress\/index.php\/forum-de-la-citoyennete\/\">Voir<\/a><\/div>\n<\/div>\n<\/div><\/div>\n<\/details>\n\n\n\n<p class=\"has-large-font-size wp-block-paragraph\"><\/p>\n\n\n\n<ul style=\"color:#81d6b3\" class=\"wp-block-list has-text-color has-link-color wp-elements-91ac798b5223bf5d80009a5edfd26b53\"><\/ul>\n\n\n\n<details class=\"wp-block-details has-text-color has-link-color wp-elements-8f430831f31972a9b1249e38859ce691 is-layout-flow wp-block-details-is-layout-flow\" style=\"color:#81d6b3\"><summary><strong>Forum Sant\u00e9 Jeunes (12 &#8211; 25 ans)<\/strong><\/summary>\n<p class=\"has-contrast-color has-text-color has-link-color wp-elements-d9b9afb98ea693d1d5548ef1c2b470b3 wp-block-paragraph\"><strong>Date : <\/strong>12 F\u00e9vrier 2026<\/p>\n\n\n\n<p class=\"has-contrast-color has-text-color has-link-color wp-elements-f161c521a5b00c5333d53188660eab41 wp-block-paragraph\"><strong>Lieu : <\/strong>Espace Coworking<\/p>\n\n\n\n<p class=\"has-contrast-color has-text-color has-link-color wp-elements-4674b39683c05742fb9f37811b8290f9 wp-block-paragraph\"><code>\ud83d\udd52<\/code> <strong>Horaires : <\/strong>de 9h \u00e0 12h<\/p>\n\n\n\n<div class=\"wp-block-cover\"><img decoding=\"async\" width=\"1024\" height=\"908\" fetchpriority=\"low\" class=\"wp-block-cover__image-background wp-image-268 size-large\" alt=\"\" src=\"https:\/\/mont2jeunes.montdemarsan-agglo.fr\/wp-content\/uploads\/2025\/11\/soireesante2-1024x908.webp\" data-object-fit=\"cover\" srcset=\"https:\/\/mont2jeunes.montdemarsan-agglo.fr\/wp-content\/uploads\/2025\/11\/soireesante2-1024x908.webp 1024w, https:\/\/mont2jeunes.montdemarsan-agglo.fr\/wp-content\/uploads\/2025\/11\/soireesante2-300x266.webp 300w, https:\/\/mont2jeunes.montdemarsan-agglo.fr\/wp-content\/uploads\/2025\/11\/soireesante2-768x681.webp 768w, https:\/\/mont2jeunes.montdemarsan-agglo.fr\/wp-content\/uploads\/2025\/11\/soireesante2-1536x1362.webp 1536w, https:\/\/mont2jeunes.montdemarsan-agglo.fr\/wp-content\/uploads\/2025\/11\/soireesante2-2048x1815.webp 2048w\" sizes=\"(max-width: 1024px) 100vw, 1024px\" \/><span aria-hidden=\"true\" class=\"wp-block-cover__background has-background-dim\" style=\"background-color:#826f61\"><\/span><div class=\"wp-block-cover__inner-container is-layout-flow wp-block-cover-is-layout-flow\">\n<div class=\"wp-block-buttons is-content-justification-center is-layout-flex wp-container-core-buttons-is-layout-35f06ea7 wp-block-buttons-is-layout-flex\">\n<div class=\"wp-block-button\"><a class=\"wp-block-button__link wp-element-button\">Voir<\/a><\/div>\n<\/div>\n<\/div><\/div>\n<\/details>\n\n\n\n<ul class=\"wp-block-list\"><\/ul>\n\n\n\n<details class=\"wp-block-details has-text-color has-link-color wp-elements-187158350bfe51ec5d0e519b33ddeab1 is-layout-flow wp-block-details-is-layout-flow\" style=\"color:#81d6b3\"><summary><strong>Concours d&rsquo;\u00e9loquence (public \u00e9tudiant)<\/strong><\/summary>\n<p class=\"has-contrast-color has-text-color has-link-color wp-elements-7204ddfb14509b077d1098b3df83c060 wp-block-paragraph\"><strong>Date : <\/strong>10 Mars 2026<\/p>\n\n\n\n<p class=\"has-contrast-color has-text-color has-link-color wp-elements-8ccc9863299812401e433d163bae9397 wp-block-paragraph\"><strong>Lieu : <\/strong>Espace du temps Libre<\/p>\n\n\n\n<p class=\"has-contrast-color has-text-color has-link-color wp-elements-008f7c117749d31abe3086e15ed154c2 wp-block-paragraph\"><code>\ud83d\udd52<\/code> <strong>Horaires : <\/strong>de 20h \u00e0 minuit<\/p>\n\n\n\n<div class=\"wp-block-cover\"><span aria-hidden=\"true\" class=\"wp-block-cover__background has-contrast-background-color has-background-dim-100 has-background-dim\"><\/span><div class=\"wp-block-cover__inner-container is-layout-flow wp-block-cover-is-layout-flow\">\n<div class=\"wp-block-buttons is-content-justification-center is-layout-flex wp-container-core-buttons-is-layout-35f06ea7 wp-block-buttons-is-layout-flex\">\n<div class=\"wp-block-button\"><a class=\"wp-block-button__link wp-element-button\">Voir<\/a><\/div>\n<\/div>\n<\/div><\/div>\n<\/details>\n\n\n\n<details class=\"wp-block-details has-text-color has-link-color wp-elements-4bce613ef1c594b461e5476fe1155f84 is-layout-flow wp-block-details-is-layout-flow\" style=\"color:#81d6b3\"><summary><strong>Classe des 18 ans<\/strong><\/summary>\n<p class=\"has-contrast-color has-text-color has-link-color wp-elements-6f216b77264887521beac4d1c6c4be60 wp-block-paragraph\"><strong>Date : <\/strong>15 Novembre 2025<\/p>\n\n\n\n<p class=\"has-contrast-color has-text-color has-link-color wp-elements-353c080722fea0559f8ae3f9fb89f00d wp-block-paragraph\"><strong>Lieu :<\/strong> Espace Coworking<\/p>\n\n\n\n<p class=\"has-contrast-color has-text-color has-link-color wp-elements-4e5b0343b35c5ad5df59aeab74202227 wp-block-paragraph\"><code>\ud83d\udd52<\/code> <strong>Horaires :<\/strong> de 14h \u00e0 18h<\/p>\n\n\n\n<div class=\"wp-block-cover is-light\"><img decoding=\"async\" width=\"1024\" height=\"768\" fetchpriority=\"low\" class=\"wp-block-cover__image-background wp-image-266 size-large\" alt=\"\" src=\"https:\/\/mont2jeunes.montdemarsan-agglo.fr\/wp-content\/uploads\/2025\/11\/20240425_140305-1024x768.webp\" data-object-fit=\"cover\" srcset=\"https:\/\/mont2jeunes.montdemarsan-agglo.fr\/wp-content\/uploads\/2025\/11\/20240425_140305-1024x768.webp 1024w, https:\/\/mont2jeunes.montdemarsan-agglo.fr\/wp-content\/uploads\/2025\/11\/20240425_140305-300x225.webp 300w, https:\/\/mont2jeunes.montdemarsan-agglo.fr\/wp-content\/uploads\/2025\/11\/20240425_140305-768x576.webp 768w, https:\/\/mont2jeunes.montdemarsan-agglo.fr\/wp-content\/uploads\/2025\/11\/20240425_140305-1536x1152.webp 1536w, https:\/\/mont2jeunes.montdemarsan-agglo.fr\/wp-content\/uploads\/2025\/11\/20240425_140305-2048x1536.webp 2048w\" sizes=\"(max-width: 1024px) 100vw, 1024px\" \/><span aria-hidden=\"true\" class=\"wp-block-cover__background has-background-dim\" style=\"background-color:#948b81\"><\/span><div class=\"wp-block-cover__inner-container is-layout-flow wp-block-cover-is-layout-flow\">\n<div class=\"wp-block-buttons is-content-justification-center is-layout-flex wp-container-core-buttons-is-layout-35f06ea7 wp-block-buttons-is-layout-flex\">\n<div class=\"wp-block-button\"><a class=\"wp-block-button__link has-text-align-center wp-element-button\">Voir<\/a><\/div>\n<\/div>\n<\/div><\/div>\n<\/details>\n\n\n\n<p class=\"has-large-font-size wp-block-paragraph\"><\/p>\n\n\n\n<ul class=\"wp-block-list\"><\/ul>\n\n\n\n<details class=\"wp-block-details has-text-color has-link-color wp-elements-7e99efedfd9f2f09c6ee111473b4052d is-layout-flow wp-block-details-is-layout-flow\" style=\"color:#81d6b3\"><summary><strong>Les Olympiades (tout public)<\/strong><\/summary>\n<p class=\"has-contrast-color has-text-color has-link-color has-large-font-size wp-elements-f184788d16908d2648536e9ef1dd8c20 wp-block-paragraph\"><strong>Date : <\/strong>15 Juillet 2026<\/p>\n\n\n\n<p class=\"has-contrast-color has-text-color has-link-color wp-elements-9471266e7e1361d764ba17dfe50e064f wp-block-paragraph\"><strong>Lieu : <\/strong>Espace urbain Ville de Mont de Marsan<\/p>\n\n\n\n<p class=\"has-contrast-color has-text-color has-link-color wp-elements-3e691da1e27647c3944308e2530aa6e0 wp-block-paragraph\"><code>\ud83d\udd52<\/code> <strong>Horaires : <\/strong>de 8h \u00e0 16h<\/p>\n\n\n\n<div class=\"wp-block-cover\"><span aria-hidden=\"true\" class=\"wp-block-cover__background has-background-dim-100 has-background-dim\"><\/span><div class=\"wp-block-cover__inner-container is-layout-flow wp-block-cover-is-layout-flow\">\n<div class=\"wp-block-buttons is-content-justification-center is-layout-flex wp-container-core-buttons-is-layout-35f06ea7 wp-block-buttons-is-layout-flex\">\n<div class=\"wp-block-button\"><a class=\"wp-block-button__link has-text-align-center wp-element-button\">Voir<\/a><\/div>\n<\/div>\n<\/div><\/div>\n<\/details>\n\n\n\n<p class=\"has-large-font-size wp-block-paragraph\"><\/p>\n\n\n\n<ul class=\"wp-block-list\"><\/ul>\n\n\n\n<p class=\"has-large-font-size wp-block-paragraph\"><\/p>\n\n\n\n<details class=\"wp-block-details has-text-color has-link-color wp-elements-2d3cfa9785293cc68b52bf14608c0067 is-layout-flow wp-block-details-is-layout-flow\" style=\"color:#81d6b3\"><summary><strong>Caf\u00e9 des langues<\/strong><\/summary>\n<p class=\"has-contrast-color has-text-color has-link-color wp-elements-e652fe1845aec0f551fe04ba628c85ff wp-block-paragraph\"><strong>Date : <\/strong>15 Octobre 2025<\/p>\n\n\n\n<p class=\"has-contrast-color has-text-color has-link-color wp-elements-7cda56b497ec72f0f6815260097ad301 wp-block-paragraph\"><strong>Lieu : <\/strong>Espace de Coworking<\/p>\n\n\n\n<p class=\"has-contrast-color has-text-color has-link-color wp-elements-b53f95fc4458f113db0ffbd64370ec5e wp-block-paragraph\"><code>\ud83d\udd52<\/code><strong> Horaires : <\/strong>de 20h \u00e0 22h<\/p>\n\n\n\n<div class=\"wp-block-cover is-light\"><img decoding=\"async\" width=\"1024\" height=\"577\" fetchpriority=\"low\" class=\"wp-block-cover__image-background wp-image-262 size-large\" alt=\"\" src=\"https:\/\/mont2jeunes.montdemarsan-agglo.fr\/wp-content\/uploads\/2025\/11\/IMG-20240404-WA0003-1024x577.webp\" data-object-fit=\"cover\" srcset=\"https:\/\/mont2jeunes.montdemarsan-agglo.fr\/wp-content\/uploads\/2025\/11\/IMG-20240404-WA0003-1024x577.webp 1024w, https:\/\/mont2jeunes.montdemarsan-agglo.fr\/wp-content\/uploads\/2025\/11\/IMG-20240404-WA0003-300x169.webp 300w, https:\/\/mont2jeunes.montdemarsan-agglo.fr\/wp-content\/uploads\/2025\/11\/IMG-20240404-WA0003-768x432.webp 768w, https:\/\/mont2jeunes.montdemarsan-agglo.fr\/wp-content\/uploads\/2025\/11\/IMG-20240404-WA0003-1536x865.webp 1536w, https:\/\/mont2jeunes.montdemarsan-agglo.fr\/wp-content\/uploads\/2025\/11\/IMG-20240404-WA0003.webp 2048w\" sizes=\"(max-width: 1024px) 100vw, 1024px\" \/><span aria-hidden=\"true\" class=\"wp-block-cover__background has-background-dim\" style=\"background-color:#9b8370\"><\/span><div class=\"wp-block-cover__inner-container is-layout-flow wp-block-cover-is-layout-flow\">\n<div class=\"wp-block-buttons is-content-justification-center is-layout-flex wp-container-core-buttons-is-layout-35f06ea7 wp-block-buttons-is-layout-flex\">\n<div class=\"wp-block-button\"><a class=\"wp-block-button__link has-text-align-center wp-element-button\">Voir<\/a><\/div>\n<\/div>\n<\/div><\/div>\n<\/details>\n\n\n\n<p class=\"has-large-font-size wp-block-paragraph\"><\/p>\n\n\n\n<p class=\"has-large-font-size wp-block-paragraph\"><\/p>\n","protected":false},"excerpt":{"rendered":"<p>Actualit\u00e9s Retrouve ici les temps forts du P\u00f4le Jeunesse. Infos, dates, inscriptions : tout est l\u00e0.<\/p>\n","protected":false},"author":1,"featured_media":0,"parent":0,"menu_order":0,"comment_status":"closed","ping_status":"closed","template":"page-no-title","meta":{"footnotes":""},"class_list":["post-120","page","type-page","status-publish","hentry"],"_links":{"self":[{"href":"https:\/\/mont2jeunes.montdemarsan-agglo.fr\/index.php\/wp-json\/wp\/v2\/pages\/120","targetHints":{"allow":["GET"]}}],"collection":[{"href":"https:\/\/mont2jeunes.montdemarsan-agglo.fr\/index.php\/wp-json\/wp\/v2\/pages"}],"about":[{"href":"https:\/\/mont2jeunes.montdemarsan-agglo.fr\/index.php\/wp-json\/wp\/v2\/types\/page"}],"author":[{"embeddable":true,"href":"https:\/\/mont2jeunes.montdemarsan-agglo.fr\/index.php\/wp-json\/wp\/v2\/users\/1"}],"replies":[{"embeddable":true,"href":"https:\/\/mont2jeunes.montdemarsan-agglo.fr\/index.php\/wp-json\/wp\/v2\/comments?post=120"}],"version-history":[{"count":113,"href":"https:\/\/mont2jeunes.montdemarsan-agglo.fr\/index.php\/wp-json\/wp\/v2\/pages\/120\/revisions"}],"predecessor-version":[{"id":841,"href":"https:\/\/mont2jeunes.montdemarsan-agglo.fr\/index.php\/wp-json\/wp\/v2\/pages\/120\/revisions\/841"}],"wp:attachment":[{"href":"https:\/\/mont2jeunes.montdemarsan-agglo.fr\/index.php\/wp-json\/wp\/v2\/media?parent=120"}],"curies":[{"name":"wp","href":"https:\/\/api.w.org\/{rel}","templated":true}]}}